{"id":2351,"date":"2024-10-04T10:14:31","date_gmt":"2024-10-04T08:14:31","guid":{"rendered":"https:\/\/campingcalapola.com\/evenements\/"},"modified":"2025-06-19T19:30:21","modified_gmt":"2025-06-19T17:30:21","slug":"evenements","status":"publish","type":"page","link":"https:\/\/campingcalapola.com\/fr\/evenements-2\/evenements\/","title":{"rendered":"\u00c9v\u00e9nements 2025"},"content":{"rendered":"\n<div class=\"wp-block-group bloque-intro is-layout-constrained wp-block-group-is-layout-constrained\">\n<div class=\"wp-block-columns is-layout-flex wp-container-core-columns-is-layout-28f84493 wp-block-columns-is-layout-flex\">\n<div class=\"wp-block-column is-layout-flow wp-block-column-is-layout-flow\">\n<h1 class=\"wp-block-heading has-text-align-center olas-sub animation--init--once animation--bottom\">\u00c9v\u00e9nements 2025<sub>D\u00e9couvrez tous nos \u00e9v\u00e9nements<\/sub><\/h1>\n\n\n\n<p class=\"has-text-align-center\"><strong>Vous posez l&rsquo;id\u00e9e et nous la transformons en une exp\u00e9rience inoubliable<\/strong><br>\ud83d\udce9 \u00c9crivez-nous \u00e0 <strong>&nbsp;<a href=\"mailto:events@campingcalapola.com\">events@campingcalapola.com<\/a><\/strong><\/p>\n\n\n\n<p><\/p>\n<\/div>\n<\/div>\n\n\n\n<p><\/p>\n<\/div>\n\n\n\n<div class=\"wp-block-group alignfull texto-galeria oh is-layout-constrained wp-block-group-is-layout-constrained\">\n<div class=\"wp-block-columns alignwide are-vertically-aligned-center is-layout-flex wp-container-core-columns-is-layout-28f84493 wp-block-columns-is-layout-flex\">\n<div class=\"wp-block-column is-vertically-aligned-center texto animation--init--once animation--left is-layout-flow wp-block-column-is-layout-flow\">\n<div class=\"wp-block-group is-nowrap is-layout-flex wp-container-core-group-is-layout-6c531013 wp-block-group-is-layout-flex\">\n<figure class=\"wp-block-image size-large is-resized\"><img loading=\"lazy\" decoding=\"async\" width=\"2048\" height=\"2048\" src=\"https:\/\/campingcalapola.com\/wp-content\/uploads\/pngtree-orange-vintage-volkswagen-car-for-summer-cartoon-illustration-clipart-png-image-15452709-2048x2048.png\" alt=\"\" class=\"wp-image-6494\" style=\"width:68px;height:auto\" srcset=\"https:\/\/campingcalapola.com\/wp-content\/uploads\/pngtree-orange-vintage-volkswagen-car-for-summer-cartoon-illustration-clipart-png-image-15452709-2048x2048.png 2048w, https:\/\/campingcalapola.com\/wp-content\/uploads\/pngtree-orange-vintage-volkswagen-car-for-summer-cartoon-illustration-clipart-png-image-15452709-1024x1024.png 1024w, https:\/\/campingcalapola.com\/wp-content\/uploads\/pngtree-orange-vintage-volkswagen-car-for-summer-cartoon-illustration-clipart-png-image-15452709-200x200.png 200w, https:\/\/campingcalapola.com\/wp-content\/uploads\/pngtree-orange-vintage-volkswagen-car-for-summer-cartoon-illustration-clipart-png-image-15452709-768x768.png 768w, https:\/\/campingcalapola.com\/wp-content\/uploads\/pngtree-orange-vintage-volkswagen-car-for-summer-cartoon-illustration-clipart-png-image-15452709-1536x1536.png 1536w, https:\/\/campingcalapola.com\/wp-content\/uploads\/pngtree-orange-vintage-volkswagen-car-for-summer-cartoon-illustration-clipart-png-image-15452709-512x512.png 512w, https:\/\/campingcalapola.com\/wp-content\/uploads\/pngtree-orange-vintage-volkswagen-car-for-summer-cartoon-illustration-clipart-png-image-15452709-256x256.png 256w\" sizes=\"auto, (max-width: 2048px) 100vw, 2048px\" \/><\/figure>\n\n\n\n<h2 class=\"wp-block-heading has-h-4-font-size\"> 31\u00e8me Concentration Clasics Volkswagen Aircooled<\/h2>\n<\/div>\n\n\n\n<p><\/p>\n\n\n\n<p>L&rsquo;association \u00ab\u00a0Amics del Volkswagen de Catalunya\u00a0\u00bb, en collaboration avec le Camping &amp; Resort Cala Pola, vous invite \u00e0 participer \u00e0 la 31\u00e8me \u00e9dition de cette rencontre d\u00e9di\u00e9e aux plus anciennes Volkswagen (celles refroidies par air), l&rsquo;une des plus importantes du sud de l&rsquo;Europe.<\/p>\n\n\n\n<div class=\"wp-block-buttons is-layout-flex wp-block-buttons-is-layout-flex\">\n<div class=\"wp-block-button\"><a class=\"wp-block-button__link wp-element-button\" href=\"https:\/\/campingcalapola.com\/fr\/landing\/amics-de-volkswagen\/\" target=\"_blank\" rel=\"noreferrer noopener\">Voir plus&#8230;<\/a><\/div>\n<\/div>\n<\/div>\n\n\n\n<div class=\"wp-block-column is-vertically-aligned-center galeria animation--init--once animation--right is-layout-flow wp-block-column-is-layout-flow\" style=\"flex-basis:50%\">\n<figure class=\"wp-block-image size-full\"><img loading=\"lazy\" decoding=\"async\" width=\"1000\" height=\"520\" src=\"https:\/\/campingcalapola.com\/wp-content\/uploads\/adhesiu-e1747764923992.jpg\" alt=\"\" class=\"wp-image-6437\" style=\"aspect-ratio:1;object-fit:contain\"\/><\/figure>\n<\/div>\n<\/div>\n\n\n\n<div class=\"wp-block-columns alignwide are-vertically-aligned-center is-layout-flex wp-container-core-columns-is-layout-28f84493 wp-block-columns-is-layout-flex\">\n<div class=\"wp-block-column is-vertically-aligned-center texto animation--init--once animation--left is-layout-flow wp-block-column-is-layout-flow\">\n<h2 class=\"wp-block-heading\"><img loading=\"lazy\" decoding=\"async\" width=\"24\" height=\"24\" class=\"wp-image-1577\" style=\"width: 24px;\" src=\"https:\/\/campingcalapola.com\/wp-content\/uploads\/castle.svg\" alt=\"\">\u00c9v\u00e9nements \u00e0 Tossa<\/h2>\n\n\n\n<p>Ne vous laissez pas conter: D\u00e9couvrez les \u00e9v\u00e9nements qui font de Tossa de Mar et de ses environs un lieu unique.<\/p>\n\n\n\n<div class=\"wp-block-buttons is-layout-flex wp-block-buttons-is-layout-flex\">\n<div class=\"wp-block-button\"><a class=\"wp-block-button__link wp-element-button\" href=\"https:\/\/visittossa.com\/es\/agenda\/agenda-anual\/\" target=\"_blank\" rel=\"noreferrer noopener\">Voir plus&#8230;<\/a><\/div>\n<\/div>\n<\/div>\n\n\n\n<div class=\"wp-block-column is-vertically-aligned-center galeria animation--init--once animation--right is-layout-flow wp-block-column-is-layout-flow\" style=\"flex-basis:50%\">\n<figure class=\"wp-block-image size-full\"><img loading=\"lazy\" decoding=\"async\" width=\"730\" height=\"486\" src=\"https:\/\/campingcalapola.com\/wp-content\/uploads\/tossa-de-mar-02.jpg\" alt=\"\" class=\"wp-image-1934\" style=\"aspect-ratio:1;object-fit:contain\" srcset=\"https:\/\/campingcalapola.com\/wp-content\/uploads\/\/tossa-de-mar-02.jpg 730w, https:\/\/campingcalapola.com\/wp-content\/uploads\/\/tossa-de-mar-02-512x341.jpg 512w, https:\/\/campingcalapola.com\/wp-content\/uploads\/\/tossa-de-mar-02-256x170.jpg 256w\" sizes=\"auto, (max-width: 730px) 100vw, 730px\" \/><\/figure>\n<\/div>\n<\/div>\n<\/div>\n","protected":false},"excerpt":{"rendered":"<p>\u00c9v\u00e9nements 2025D\u00e9couvrez tous nos \u00e9v\u00e9nements Vous posez l&rsquo;id\u00e9e et nous la transformons en une exp\u00e9rience inoubliable\ud83d\udce9 \u00c9crivez-nous \u00e0 &nbsp;events@campingcalapola.com 31\u00e8me Concentration Clasics Volkswagen Aircooled L&rsquo;association&#8230;<\/p>\n","protected":false},"author":2,"featured_media":0,"parent":5972,"menu_order":0,"comment_status":"closed","ping_status":"closed","template":"","meta":{"_acf_changed":false,"inline_featured_image":false,"footnotes":""},"class_list":["post-2351","page","type-page","status-publish","hentry"],"acf":[],"yoast_head":"<!-- This site is optimized with the Yoast SEO plugin v25.4 - https:\/\/yoast.com\/wordpress\/plugins\/seo\/ -->\n<title>\u00c9v\u00e9nements 2025 - Cala Pola - Costa Brava (Tossa de Mar)<\/title>\n<meta name=\"description\" content=\"Nous organisons des \u00e9v\u00e9nements tout au long de la saison. Des s\u00e9ries de concerts sur la plage aux petits tournois sportifs.\" \/>\n<meta name=\"robots\" content=\"index, follow, max-snippet:-1, max-image-preview:large, max-video-preview:-1\" \/>\n<link rel=\"canonical\" href=\"https:\/\/campingcalapola.com\/fr\/evenements-2\/evenements\/\" \/>\n<meta property=\"og:locale\" content=\"fr_FR\" \/>\n<meta property=\"og:type\" content=\"article\" \/>\n<meta property=\"og:title\" content=\"\u00c9v\u00e9nements 2025 - Cala Pola - Costa Brava (Tossa de Mar)\" \/>\n<meta property=\"og:description\" content=\"Nous organisons des \u00e9v\u00e9nements tout au long de la saison. Des s\u00e9ries de concerts sur la plage aux petits tournois sportifs.\" \/>\n<meta property=\"og:url\" content=\"https:\/\/campingcalapola.com\/fr\/evenements-2\/evenements\/\" \/>\n<meta property=\"og:site_name\" content=\"Cala Pola\" \/>\n<meta property=\"article:modified_time\" content=\"2025-06-19T17:30:21+00:00\" \/>\n<meta property=\"og:image\" content=\"https:\/\/campingcalapola.com\/wp-content\/uploads\/pngtree-orange-vintage-volkswagen-car-for-summer-cartoon-illustration-clipart-png-image-15452709-2048x2048.png\" \/>\n<meta name=\"twitter:card\" content=\"summary_large_image\" \/>\n<meta name=\"twitter:label1\" content=\"Dur\u00e9e de lecture estim\u00e9e\" \/>\n\t<meta name=\"twitter:data1\" content=\"2 minutes\" \/>\n<script type=\"application\/ld+json\" class=\"yoast-schema-graph\">{\"@context\":\"https:\/\/schema.org\",\"@graph\":[{\"@type\":\"WebPage\",\"@id\":\"https:\/\/campingcalapola.com\/fr\/evenements-2\/evenements\/\",\"url\":\"https:\/\/campingcalapola.com\/fr\/evenements-2\/evenements\/\",\"name\":\"\u00c9v\u00e9nements 2025 - Cala Pola - Costa Brava (Tossa de Mar)\",\"isPartOf\":{\"@id\":\"https:\/\/campingcalapola.com\/#website\"},\"primaryImageOfPage\":{\"@id\":\"https:\/\/campingcalapola.com\/fr\/evenements-2\/evenements\/#primaryimage\"},\"image\":{\"@id\":\"https:\/\/campingcalapola.com\/fr\/evenements-2\/evenements\/#primaryimage\"},\"thumbnailUrl\":\"https:\/\/campingcalapola.com\/wp-content\/uploads\/pngtree-orange-vintage-volkswagen-car-for-summer-cartoon-illustration-clipart-png-image-15452709-2048x2048.png\",\"datePublished\":\"2024-10-04T08:14:31+00:00\",\"dateModified\":\"2025-06-19T17:30:21+00:00\",\"description\":\"Nous organisons des \u00e9v\u00e9nements tout au long de la saison. Des s\u00e9ries de concerts sur la plage aux petits tournois sportifs.\",\"breadcrumb\":{\"@id\":\"https:\/\/campingcalapola.com\/fr\/evenements-2\/evenements\/#breadcrumb\"},\"inLanguage\":\"fr-FR\",\"potentialAction\":[{\"@type\":\"ReadAction\",\"target\":[\"https:\/\/campingcalapola.com\/fr\/evenements-2\/evenements\/\"]}]},{\"@type\":\"ImageObject\",\"inLanguage\":\"fr-FR\",\"@id\":\"https:\/\/campingcalapola.com\/fr\/evenements-2\/evenements\/#primaryimage\",\"url\":\"https:\/\/campingcalapola.com\/wp-content\/uploads\/pngtree-orange-vintage-volkswagen-car-for-summer-cartoon-illustration-clipart-png-image-15452709-2048x2048.png\",\"contentUrl\":\"https:\/\/campingcalapola.com\/wp-content\/uploads\/pngtree-orange-vintage-volkswagen-car-for-summer-cartoon-illustration-clipart-png-image-15452709-2048x2048.png\"},{\"@type\":\"BreadcrumbList\",\"@id\":\"https:\/\/campingcalapola.com\/fr\/evenements-2\/evenements\/#breadcrumb\",\"itemListElement\":[{\"@type\":\"ListItem\",\"position\":1,\"name\":\"Portada\",\"item\":\"https:\/\/campingcalapola.com\/fr\/\"},{\"@type\":\"ListItem\",\"position\":2,\"name\":\"\u00c9v\u00e9nements\",\"item\":\"https:\/\/campingcalapola.com\/fr\/evenements-2\/\"},{\"@type\":\"ListItem\",\"position\":3,\"name\":\"\u00c9v\u00e9nements 2025\"}]},{\"@type\":\"WebSite\",\"@id\":\"https:\/\/campingcalapola.com\/#website\",\"url\":\"https:\/\/campingcalapola.com\/\",\"name\":\"Cala Pola\",\"description\":\"100% Costa Brava\",\"publisher\":{\"@id\":\"https:\/\/campingcalapola.com\/#organization\"},\"potentialAction\":[{\"@type\":\"SearchAction\",\"target\":{\"@type\":\"EntryPoint\",\"urlTemplate\":\"https:\/\/campingcalapola.com\/?s={search_term_string}\"},\"query-input\":{\"@type\":\"PropertyValueSpecification\",\"valueRequired\":true,\"valueName\":\"search_term_string\"}}],\"inLanguage\":\"fr-FR\"},{\"@type\":\"Organization\",\"@id\":\"https:\/\/campingcalapola.com\/#organization\",\"name\":\"Cala Pola\",\"url\":\"https:\/\/campingcalapola.com\/\",\"logo\":{\"@type\":\"ImageObject\",\"inLanguage\":\"fr-FR\",\"@id\":\"https:\/\/campingcalapola.com\/#\/schema\/logo\/image\/\",\"url\":\"https:\/\/campingcalapola.com\/wp-content\/uploads\/logo-cala-pola-h.png\",\"contentUrl\":\"https:\/\/campingcalapola.com\/wp-content\/uploads\/logo-cala-pola-h.png\",\"width\":340,\"height\":120,\"caption\":\"Cala Pola\"},\"image\":{\"@id\":\"https:\/\/campingcalapola.com\/#\/schema\/logo\/image\/\"}}]}<\/script>\n<!-- \/ Yoast SEO plugin. -->","yoast_head_json":{"title":"\u00c9v\u00e9nements 2025 - Cala Pola - Costa Brava (Tossa de Mar)","description":"Nous organisons des \u00e9v\u00e9nements tout au long de la saison. Des s\u00e9ries de concerts sur la plage aux petits tournois sportifs.","robots":{"index":"index","follow":"follow","max-snippet":"max-snippet:-1","max-image-preview":"max-image-preview:large","max-video-preview":"max-video-preview:-1"},"canonical":"https:\/\/campingcalapola.com\/fr\/evenements-2\/evenements\/","og_locale":"fr_FR","og_type":"article","og_title":"\u00c9v\u00e9nements 2025 - Cala Pola - Costa Brava (Tossa de Mar)","og_description":"Nous organisons des \u00e9v\u00e9nements tout au long de la saison. Des s\u00e9ries de concerts sur la plage aux petits tournois sportifs.","og_url":"https:\/\/campingcalapola.com\/fr\/evenements-2\/evenements\/","og_site_name":"Cala Pola","article_modified_time":"2025-06-19T17:30:21+00:00","og_image":[{"url":"https:\/\/campingcalapola.com\/wp-content\/uploads\/pngtree-orange-vintage-volkswagen-car-for-summer-cartoon-illustration-clipart-png-image-15452709-2048x2048.png","type":"","width":"","height":""}],"twitter_card":"summary_large_image","twitter_misc":{"Dur\u00e9e de lecture estim\u00e9e":"2 minutes"},"schema":{"@context":"https:\/\/schema.org","@graph":[{"@type":"WebPage","@id":"https:\/\/campingcalapola.com\/fr\/evenements-2\/evenements\/","url":"https:\/\/campingcalapola.com\/fr\/evenements-2\/evenements\/","name":"\u00c9v\u00e9nements 2025 - Cala Pola - Costa Brava (Tossa de Mar)","isPartOf":{"@id":"https:\/\/campingcalapola.com\/#website"},"primaryImageOfPage":{"@id":"https:\/\/campingcalapola.com\/fr\/evenements-2\/evenements\/#primaryimage"},"image":{"@id":"https:\/\/campingcalapola.com\/fr\/evenements-2\/evenements\/#primaryimage"},"thumbnailUrl":"https:\/\/campingcalapola.com\/wp-content\/uploads\/pngtree-orange-vintage-volkswagen-car-for-summer-cartoon-illustration-clipart-png-image-15452709-2048x2048.png","datePublished":"2024-10-04T08:14:31+00:00","dateModified":"2025-06-19T17:30:21+00:00","description":"Nous organisons des \u00e9v\u00e9nements tout au long de la saison. Des s\u00e9ries de concerts sur la plage aux petits tournois sportifs.","breadcrumb":{"@id":"https:\/\/campingcalapola.com\/fr\/evenements-2\/evenements\/#breadcrumb"},"inLanguage":"fr-FR","potentialAction":[{"@type":"ReadAction","target":["https:\/\/campingcalapola.com\/fr\/evenements-2\/evenements\/"]}]},{"@type":"ImageObject","inLanguage":"fr-FR","@id":"https:\/\/campingcalapola.com\/fr\/evenements-2\/evenements\/#primaryimage","url":"https:\/\/campingcalapola.com\/wp-content\/uploads\/pngtree-orange-vintage-volkswagen-car-for-summer-cartoon-illustration-clipart-png-image-15452709-2048x2048.png","contentUrl":"https:\/\/campingcalapola.com\/wp-content\/uploads\/pngtree-orange-vintage-volkswagen-car-for-summer-cartoon-illustration-clipart-png-image-15452709-2048x2048.png"},{"@type":"BreadcrumbList","@id":"https:\/\/campingcalapola.com\/fr\/evenements-2\/evenements\/#breadcrumb","itemListElement":[{"@type":"ListItem","position":1,"name":"Portada","item":"https:\/\/campingcalapola.com\/fr\/"},{"@type":"ListItem","position":2,"name":"\u00c9v\u00e9nements","item":"https:\/\/campingcalapola.com\/fr\/evenements-2\/"},{"@type":"ListItem","position":3,"name":"\u00c9v\u00e9nements 2025"}]},{"@type":"WebSite","@id":"https:\/\/campingcalapola.com\/#website","url":"https:\/\/campingcalapola.com\/","name":"Cala Pola","description":"100% Costa Brava","publisher":{"@id":"https:\/\/campingcalapola.com\/#organization"},"potentialAction":[{"@type":"SearchAction","target":{"@type":"EntryPoint","urlTemplate":"https:\/\/campingcalapola.com\/?s={search_term_string}"},"query-input":{"@type":"PropertyValueSpecification","valueRequired":true,"valueName":"search_term_string"}}],"inLanguage":"fr-FR"},{"@type":"Organization","@id":"https:\/\/campingcalapola.com\/#organization","name":"Cala Pola","url":"https:\/\/campingcalapola.com\/","logo":{"@type":"ImageObject","inLanguage":"fr-FR","@id":"https:\/\/campingcalapola.com\/#\/schema\/logo\/image\/","url":"https:\/\/campingcalapola.com\/wp-content\/uploads\/logo-cala-pola-h.png","contentUrl":"https:\/\/campingcalapola.com\/wp-content\/uploads\/logo-cala-pola-h.png","width":340,"height":120,"caption":"Cala Pola"},"image":{"@id":"https:\/\/campingcalapola.com\/#\/schema\/logo\/image\/"}}]}},"_links":{"self":[{"href":"https:\/\/campingcalapola.com\/fr\/wp-json\/wp\/v2\/pages\/2351","targetHints":{"allow":["GET"]}}],"collection":[{"href":"https:\/\/campingcalapola.com\/fr\/wp-json\/wp\/v2\/pages"}],"about":[{"href":"https:\/\/campingcalapola.com\/fr\/wp-json\/wp\/v2\/types\/page"}],"author":[{"embeddable":true,"href":"https:\/\/campingcalapola.com\/fr\/wp-json\/wp\/v2\/users\/2"}],"replies":[{"embeddable":true,"href":"https:\/\/campingcalapola.com\/fr\/wp-json\/wp\/v2\/comments?post=2351"}],"version-history":[{"count":8,"href":"https:\/\/campingcalapola.com\/fr\/wp-json\/wp\/v2\/pages\/2351\/revisions"}],"predecessor-version":[{"id":6504,"href":"https:\/\/campingcalapola.com\/fr\/wp-json\/wp\/v2\/pages\/2351\/revisions\/6504"}],"up":[{"embeddable":true,"href":"https:\/\/campingcalapola.com\/fr\/wp-json\/wp\/v2\/pages\/5972"}],"wp:attachment":[{"href":"https:\/\/campingcalapola.com\/fr\/wp-json\/wp\/v2\/media?parent=2351"}],"curies":[{"name":"wp","href":"https:\/\/api.w.org\/{rel}","templated":true}]}}